{"version":"1.0","provider_name":"Informe Litoral ","provider_url":"https:\/\/informelitoral.com.ar","title":"Marat\u00f3n Villa Urquiza-Paran\u00e1: expectativas para la 15\u00aa edici\u00f3n - Informe Litoral","type":"rich","width":600,"height":338,"html":"<blockquote class=\"wp-embedded-content\" data-secret=\"r3UVLwjhbR\"><a href=\"https:\/\/informelitoral.com.ar\/maraton-villa-urquiza-parana-expectativas-para-la-15a-edicion\/\">Marat\u00f3n Villa Urquiza-Paran\u00e1: expectativas para la 15\u00aa edici\u00f3n<\/a><\/blockquote><iframe sandbox=\"allow-scripts\" security=\"restricted\" src=\"https:\/\/informelitoral.com.ar\/maraton-villa-urquiza-parana-expectativas-para-la-15a-edicion\/embed\/#?secret=r3UVLwjhbR\" width=\"600\" height=\"338\" title=\"\u00abMarat\u00f3n Villa Urquiza-Paran\u00e1: expectativas para la 15\u00aa edici\u00f3n\u00bb \u2014 Informe Litoral \" data-secret=\"r3UVLwjhbR\" frameborder=\"0\" marginwidth=\"0\" marginheight=\"0\" scrolling=\"no\" class=\"wp-embedded-content\"><\/iframe><script type=\"text\/javascript\">\n\/* <![CDATA[ *\/\n\/*! This file is auto-generated *\/\n!function(d,l){\"use strict\";l.querySelector&&d.addEventListener&&\"undefined\"!=typeof URL&&(d.wp=d.wp||{},d.wp.receiveEmbedMessage||(d.wp.receiveEmbedMessage=function(e){var t=e.data;if((t||t.secret||t.message||t.value)&&!\/[^a-zA-Z0-9]\/.test(t.secret)){for(var s,r,n,a=l.querySelectorAll('iframe[data-secret=\"'+t.secret+'\"]'),o=l.querySelectorAll('blockquote[data-secret=\"'+t.secret+'\"]'),c=new RegExp(\"^https?:$\",\"i\"),i=0;i<o.length;i++)o[i].style.display=\"none\";for(i=0;i<a.length;i++)s=a[i],e.source===s.contentWindow&&(s.removeAttribute(\"style\"),\"height\"===t.message?(1e3<(r=parseInt(t.value,10))?r=1e3:~~r<200&&(r=200),s.height=r):\"link\"===t.message&&(r=new URL(s.getAttribute(\"src\")),n=new URL(t.value),c.test(n.protocol))&&n.host===r.host&&l.activeElement===s&&(d.top.location.href=t.value))}},d.addEventListener(\"message\",d.wp.receiveEmbedMessage,!1),l.addEventListener(\"DOMContentLoaded\",function(){for(var e,t,s=l.querySelectorAll(\"iframe.wp-embedded-content\"),r=0;r<s.length;r++)(t=(e=s[r]).getAttribute(\"data-secret\"))||(t=Math.random().toString(36).substring(2,12),e.src+=\"#?secret=\"+t,e.setAttribute(\"data-secret\",t)),e.contentWindow.postMessage({message:\"ready\",secret:t},\"*\")},!1)))}(window,document);\n\/\/# sourceURL=https:\/\/informelitoral.com.ar\/%77%70%2d%69%6e%63%6c%75%64%65%73\/js\/wp-embed.min.js\n\/* ]]> *\/\n<\/script>\n","thumbnail_url":"https:\/\/informelitoral.com.ar\/wp-content\/uploads\/2024\/11\/andres-solioz-la-hora-del-6.jpg","thumbnail_width":1913,"thumbnail_height":1080,"description":"Se realizar\u00e1 el pr\u00f3ximo 7 de diciembre. En La Hora del 6, Andr\u00e9s Solioz, organizador del evento, adelant\u00f3 detalles de la prueba de aguas abiertas para la que se espera un r\u00e9cord de participantes. Ya no hay cupos para inscribirse."}