{"version":"1.0","provider_name":"Informe Litoral ","provider_url":"https:\/\/informelitoral.com.ar","title":"AFIP prorrog\u00f3 el plazo para recategorizaci\u00f3n en el Monotributo - Informe Litoral","type":"rich","width":600,"height":338,"html":"<blockquote class=\"wp-embedded-content\" data-secret=\"Q79XiDesih\"><a href=\"https:\/\/informelitoral.com.ar\/afip-prorrogo-el-plazo-para-recategorizacion-en-el-monotributo\/\">AFIP prorrog\u00f3 el plazo para recategorizaci\u00f3n en el Monotributo<\/a><\/blockquote><iframe sandbox=\"allow-scripts\" security=\"restricted\" src=\"https:\/\/informelitoral.com.ar\/afip-prorrogo-el-plazo-para-recategorizacion-en-el-monotributo\/embed\/#?secret=Q79XiDesih\" width=\"600\" height=\"338\" title=\"\u00abAFIP prorrog\u00f3 el plazo para recategorizaci\u00f3n en el Monotributo\u00bb \u2014 Informe Litoral \" data-secret=\"Q79XiDesih\" frameborder=\"0\" marginwidth=\"0\" marginheight=\"0\" scrolling=\"no\" class=\"wp-embedded-content\"><\/iframe><script type=\"text\/javascript\">\n\/* <![CDATA[ *\/\n\/*! This file is auto-generated *\/\n!function(d,l){\"use strict\";l.querySelector&&d.addEventListener&&\"undefined\"!=typeof URL&&(d.wp=d.wp||{},d.wp.receiveEmbedMessage||(d.wp.receiveEmbedMessage=function(e){var t=e.data;if((t||t.secret||t.message||t.value)&&!\/[^a-zA-Z0-9]\/.test(t.secret)){for(var s,r,n,a=l.querySelectorAll('iframe[data-secret=\"'+t.secret+'\"]'),o=l.querySelectorAll('blockquote[data-secret=\"'+t.secret+'\"]'),c=new RegExp(\"^https?:$\",\"i\"),i=0;i<o.length;i++)o[i].style.display=\"none\";for(i=0;i<a.length;i++)s=a[i],e.source===s.contentWindow&&(s.removeAttribute(\"style\"),\"height\"===t.message?(1e3<(r=parseInt(t.value,10))?r=1e3:~~r<200&&(r=200),s.height=r):\"link\"===t.message&&(r=new URL(s.getAttribute(\"src\")),n=new URL(t.value),c.test(n.protocol))&&n.host===r.host&&l.activeElement===s&&(d.top.location.href=t.value))}},d.addEventListener(\"message\",d.wp.receiveEmbedMessage,!1),l.addEventListener(\"DOMContentLoaded\",function(){for(var e,t,s=l.querySelectorAll(\"iframe.wp-embedded-content\"),r=0;r<s.length;r++)(t=(e=s[r]).getAttribute(\"data-secret\"))||(t=Math.random().toString(36).substring(2,12),e.src+=\"#?secret=\"+t,e.setAttribute(\"data-secret\",t)),e.contentWindow.postMessage({message:\"ready\",secret:t},\"*\")},!1)))}(window,document);\n\/\/# sourceURL=https:\/\/informelitoral.com.ar\/%77%70%2d%69%6e%63%6c%75%64%65%73\/js\/wp-embed.min.js\n\/* ]]> *\/\n<\/script>\n","thumbnail_url":"https:\/\/informelitoral.com.ar\/wp-content\/uploads\/2020\/09\/Afip.jpg","thumbnail_width":1330,"thumbnail_height":880,"description":"La Administraci\u00f3n Federal de Ingresos P\u00fablicos (AFIP) extendi\u00f3 hasta el pr\u00f3ximo 27 de enero, inclusive, el plazo para que las personas monotributistas realicen su recategorizaci\u00f3n correspondiente al semestre julio diciembre de 2022."}